{"id":2308,"date":"2022-12-28T10:51:04","date_gmt":"2022-12-28T09:51:04","guid":{"rendered":"https:\/\/expertmeble.com\/?page_id=2308"},"modified":"2026-03-24T21:59:25","modified_gmt":"2026-03-24T20:59:25","slug":"projekt-garderoby","status":"publish","type":"page","link":"https:\/\/expertmeble.com\/en\/projekt-garderoby\/","title":{"rendered":"Projekt garderoby  na wymiar Szczecin"},"content":{"rendered":"<h1>\n\t\tCUSTOM WARDROBES SZCZECIN\n\t<\/h1>\n\t\t\t<a href=\"https:\/\/expertmeble.com\/en\/gallery\/\" target=\"_self\">\n\t\t\t\t\t\t\tSEE MORE\n\t\t\t\t\t<\/a>\n<h2>\n\t\tSpace Optimization: The Perfect Wardrobe for Your Apartment\n\t<\/h2>\n\t<p>Nie ka\u017cde mieszkanie ma wydzielon\u0105 przestrze\u0144 na garderob\u0119, ale wi\u0119kszo\u015b\u0107 da si\u0119 przerobi\u0107 tak, aby ta garderoba jednak tam by\u0142a. To praktyczne miejsce, w kt\u00f3rym mo\u017cesz przechowywa\u0107 ubrania, buty czy dodatki. To tak\u017ce miejsce idealne do schowania zimowych rzeczy w letnim sezonie. Przede wszystkim zastan\u00f3w si\u0119, gdzie w Twoim mieszkaniu jest miejsce, wolna przestrze\u0144 na garderob\u0119. Musi by\u0107 to miejsce, w kt\u00f3rym b\u0119dzie wygodnie Ci z niej korzysta\u0107. Najcz\u0119\u015bciej jest to wydzielona cz\u0119\u015b\u0107 sypialni czy miejsce na korytarzu, czy przy \u0142azience. Dzi\u0119ki temu masz wszystko w jednym miejscu. Wydaje Ci si\u0119, \u017ce w Twoim domu nie ma miejsca idealnego na wydzielenie garderoby? Skonsultuj si\u0119 z nami! By\u0107 mo\u017ce wystarczy wstawienie dodatkowej \u015bcianki czy niewielkie przesuni\u0119cie element\u00f3w, aby uzyska\u0107 dodatkow\u0105 przestrze\u0144. Na niewielk\u0105 garderob\u0119 idealna b\u0119dzie wn\u0119ka w przedpokoju. Z do\u015bwiadczenia wiemy, \u017ce ka\u017cdy schowek czy woln\u0105 przestrze\u0144 warto zaaran\u017cowa\u0107 &#8211; miejsc do przechowywania nigdy ma\u0142o. W gr\u0119 wchodz\u0105 tak\u017ce nietypowe miejsca w domu jak skosy, miejsce pod schodami. Cho\u0107 w pierwszym odruchu wydaje Ci si\u0119, \u017ce najlepiej by\u0142oby j\u0105 ukry\u0107, schowa\u0107 i zamurowa\u0107, to mo\u017cemy zagwarantowa\u0107, \u017ce po czasie b\u0119dziesz \u017ca\u0142owa\u0107 tej decyzji. Robi\u0105c remont, warto rozwa\u017cy\u0107 wszystkie mo\u017cliwo\u015bci, w ko\u0144cu b\u0119d\u0105 to rozwi\u0105zania na lata.<\/p>\n<p>Perhaps you have a separate room that could become a wardrobe? That's almost an ideal solution. Let us create a comfortable and functional space for your clothes.<\/p>\n<h2>\n\t\tProjekt garderoby na wymiar &#8211; wystarczy niewielka przestrze\u0144\n\t<\/h2>\n\t<p>Many people think that their available space is too small to organize additional storage. Nothing could be further from the truth. A small wardrobe can fit in just around 2 square meters. It all depends on how the space inside is planned. This is where the designer\u2019s role comes in, trying to make the most out of even the smallest spaces. We strive to ensure that every storage area is tailored to the owner\u2019s needs. What does that mean? If you don\u2019t wear coats or dresses, tall hanging rods are unnecessary. Two smaller rods for hoodies will work much better. This is why understanding the client\u2019s needs is a crucial step. During the consultation, we will ask the right questions to help us create a storage space for your belongings. One that accommodates everything you own without becoming a burden over time. The wardrobe should be tailored to your needs, not the other way around.<\/p>\n<p>A wardrobe suited to your needs is more than just a storage place. Proper organization can save you a significant amount of time. Imagine that getting ready and finding the right outfit takes half the time. How can this be achieved? By creating an ergonomic interior where everything is in its place. An interior where you can see every item clearly and avoid piling everything together. That\u2019s why we believe a well-designed wardrobe can genuinely improve your quality of life. Does it sound logical? It certainly does to us. That\u2019s why we approach even the smallest spaces with full responsibility and commitment. We understand that it\u2019s not just about shelves and drawers. It\u2019s about your daily preparation for work or outings with friends.<\/p>\n<p>Dbamy tak\u017ce o wyposa\u017cenie ca\u0142ej garderoby w elementy do przechowywania. Ale jest jeszcze jeden element, kt\u00f3rego nie powinno tam zabrakn\u0105\u0107 &#8211; lustro. Du\u017ce lustro pozwoli Ci zobaczy\u0107 ca\u0142\u0105 sylwetk\u0119 i przejrze\u0107 si\u0119 przed wyj\u015bciem. Wiadomo, nie jest to element konieczny, ale z pewno\u015bci\u0105 \u015bwietnie wp\u0142ywa na Tw\u00f3j komfort. Chcemy, aby lustro sta\u0142o si\u0119 nie tylko elementem u\u017cytkowym, ale tak\u017ce ozdob\u0105 wn\u0119trza. Dlatego zadbamy o to, aby by\u0142o w Twoim stylu. Lustro pe\u0142ni jeszcze jedn\u0105 wa\u017cn\u0105 funkcj\u0119. Optycznie powi\u0119ksza pomieszczenie.<\/p>\n<p>See how much a custom wardrobe designed by us can change your space.<\/p>\n\t\t\t\t<img decoding=\"async\" src=\"https:\/\/expertmeble.com\/wp-content\/uploads\/2024\/03\/wardrobe-renovation-winter.jpg\" alt=\"ekskluzywny i nowoczesny projekt garderoby na wymiar\" itemprop=\"image\" height=\"1920\" width=\"1090\" title=\"ekskluzywny i nowoczesny projekt garderoby na wymiar\" onerror=\"this.style.display='none'\"  \/>","protected":false},"excerpt":{"rendered":"<p>GARDEROBY NA WYMIAR SZCZECIN ZOBACZ WI\u0118CEJ Optymalizacja Przestrzeni: Idealna Garderoba w Twoim Mieszkaniu Nie ka\u017cde mieszkanie ma wydzielon\u0105 przestrze\u0144 na garderob\u0119, ale wi\u0119kszo\u015b\u0107 da si\u0119 przerobi\u0107 tak, aby ta garderoba jednak tam by\u0142a. To praktyczne miejsce, w kt\u00f3rym mo\u017cesz przechowywa\u0107 ubrania, buty czy dodatki. To tak\u017ce miejsce idealne do schowania zimowych rzeczy w letnim sezonie.&hellip;<\/p>","protected":false},"author":1,"featured_media":2309,"parent":0,"menu_order":0,"comment_status":"closed","ping_status":"closed","template":"","meta":{"footnotes":""},"class_list":["post-2308","page","type-page","status-publish","has-post-thumbnail","hentry"],"yoast_head":"<!-- This site is optimized with the Yoast SEO Premium plugin v27.4 (Yoast SEO v27.4) - https:\/\/yoast.com\/product\/yoast-seo-premium-wordpress\/ -->\n<title>Projekt garderoby na wymiar | projektowanie garderoby na zam\u00f3wienie | expertmeble.com<\/title>\n<meta name=\"description\" content=\"Garderoba to niewielkie pomieszczenie, kt\u00f3re mo\u017ce znacz\u0105co wp\u0142yn\u0105\u0107 na Tw\u00f3j komfort. Pom\u00f3\u017c nam stworzy\u0107 ergonomiczn\u0105 przestrze\u0144 dla Twoich rzeczy.\" \/>\n<meta name=\"robots\" content=\"index, follow, max-snippet:-1, max-image-preview:large, max-video-preview:-1\" \/>\n<link rel=\"canonical\" href=\"https:\/\/expertmeble.com\/en\/closet-design\/\" \/>\n<meta property=\"og:locale\" content=\"en_US\" \/>\n<meta property=\"og:type\" content=\"article\" \/>\n<meta property=\"og:title\" content=\"Projekt garderoby na wymiar Szczecin\" \/>\n<meta property=\"og:description\" content=\"Garderoba to niewielkie pomieszczenie, kt\u00f3re mo\u017ce znacz\u0105co wp\u0142yn\u0105\u0107 na Tw\u00f3j komfort. Pom\u00f3\u017c nam stworzy\u0107 ergonomiczn\u0105 przestrze\u0144 dla Twoich rzeczy.\" \/>\n<meta property=\"og:url\" content=\"https:\/\/expertmeble.com\/en\/closet-design\/\" \/>\n<meta property=\"og:site_name\" content=\"Expert Meble - Meble Na Wymiar Szczecin: Kuchnie, \u0141azienki, Szafy\" \/>\n<meta property=\"article:publisher\" content=\"https:\/\/www.facebook.com\/expertmeble24\/\" \/>\n<meta property=\"article:modified_time\" content=\"2026-03-24T20:59:25+00:00\" \/>\n<meta property=\"og:image\" content=\"https:\/\/expertmeble.com\/wp-content\/uploads\/2022\/12\/projekt-garderoby-na-wymiar.jpg\" \/>\n\t<meta property=\"og:image:width\" content=\"900\" \/>\n\t<meta property=\"og:image:height\" content=\"598\" \/>\n\t<meta property=\"og:image:type\" content=\"image\/jpeg\" \/>\n<meta name=\"twitter:card\" content=\"summary_large_image\" \/>\n<meta name=\"twitter:label1\" content=\"Est. reading time\" \/>\n\t<meta name=\"twitter:data1\" content=\"3 minutes\" \/>\n<script type=\"application\/ld+json\" class=\"yoast-schema-graph\">{\"@context\":\"https:\\\/\\\/schema.org\",\"@graph\":[{\"@type\":\"WebPage\",\"@id\":\"https:\\\/\\\/expertmeble.com\\\/projekt-garderoby\\\/\",\"url\":\"https:\\\/\\\/expertmeble.com\\\/projekt-garderoby\\\/\",\"name\":\"Projekt garderoby na wymiar | projektowanie garderoby na zam\u00f3wienie | expertmeble.com\",\"isPartOf\":{\"@id\":\"https:\\\/\\\/expertmeble.com\\\/#website\"},\"primaryImageOfPage\":{\"@id\":\"https:\\\/\\\/expertmeble.com\\\/projekt-garderoby\\\/#primaryimage\"},\"image\":{\"@id\":\"https:\\\/\\\/expertmeble.com\\\/projekt-garderoby\\\/#primaryimage\"},\"thumbnailUrl\":\"https:\\\/\\\/expertmeble.com\\\/wp-content\\\/uploads\\\/2022\\\/12\\\/projekt-garderoby-na-wymiar.jpg\",\"datePublished\":\"2022-12-28T09:51:04+00:00\",\"dateModified\":\"2026-03-24T20:59:25+00:00\",\"description\":\"Garderoba to niewielkie pomieszczenie, kt\u00f3re mo\u017ce znacz\u0105co wp\u0142yn\u0105\u0107 na Tw\u00f3j komfort. Pom\u00f3\u017c nam stworzy\u0107 ergonomiczn\u0105 przestrze\u0144 dla Twoich rzeczy.\",\"breadcrumb\":{\"@id\":\"https:\\\/\\\/expertmeble.com\\\/projekt-garderoby\\\/#breadcrumb\"},\"inLanguage\":\"en-US\",\"potentialAction\":[{\"@type\":\"ReadAction\",\"target\":[\"https:\\\/\\\/expertmeble.com\\\/projekt-garderoby\\\/\"]}]},{\"@type\":\"ImageObject\",\"inLanguage\":\"en-US\",\"@id\":\"https:\\\/\\\/expertmeble.com\\\/projekt-garderoby\\\/#primaryimage\",\"url\":\"https:\\\/\\\/expertmeble.com\\\/wp-content\\\/uploads\\\/2022\\\/12\\\/projekt-garderoby-na-wymiar.jpg\",\"contentUrl\":\"https:\\\/\\\/expertmeble.com\\\/wp-content\\\/uploads\\\/2022\\\/12\\\/projekt-garderoby-na-wymiar.jpg\",\"width\":900,\"height\":598,\"caption\":\"projektowanie garderoby na wymiar\"},{\"@type\":\"BreadcrumbList\",\"@id\":\"https:\\\/\\\/expertmeble.com\\\/projekt-garderoby\\\/#breadcrumb\",\"itemListElement\":[{\"@type\":\"ListItem\",\"position\":1,\"name\":\"Strona g\u0142\u00f3wna\",\"item\":\"https:\\\/\\\/expertmeble.com\\\/\"},{\"@type\":\"ListItem\",\"position\":2,\"name\":\"Projekt garderoby na wymiar Szczecin\"}]},{\"@type\":\"WebSite\",\"@id\":\"https:\\\/\\\/expertmeble.com\\\/#website\",\"url\":\"https:\\\/\\\/expertmeble.com\\\/\",\"name\":\"Expert Meble - Meble Na Wymiar Szczecin: Kuchnie, \u0141azienki, Szafy\",\"description\":\"Meble, kuchnie, szafy, \u0142azienki oraz zabudowy na wymiar.\",\"potentialAction\":[{\"@type\":\"SearchAction\",\"target\":{\"@type\":\"EntryPoint\",\"urlTemplate\":\"https:\\\/\\\/expertmeble.com\\\/?s={search_term_string}\"},\"query-input\":{\"@type\":\"PropertyValueSpecification\",\"valueRequired\":true,\"valueName\":\"search_term_string\"}}],\"inLanguage\":\"en-US\"}]}<\/script>\n<!-- \/ Yoast SEO Premium plugin. -->","yoast_head_json":{"title":"Projekt garderoby na wymiar | projektowanie garderoby na zam\u00f3wienie | expertmeble.com","description":"Garderoba to niewielkie pomieszczenie, kt\u00f3re mo\u017ce znacz\u0105co wp\u0142yn\u0105\u0107 na Tw\u00f3j komfort. Pom\u00f3\u017c nam stworzy\u0107 ergonomiczn\u0105 przestrze\u0144 dla Twoich rzeczy.","robots":{"index":"index","follow":"follow","max-snippet":"max-snippet:-1","max-image-preview":"max-image-preview:large","max-video-preview":"max-video-preview:-1"},"canonical":"https:\/\/expertmeble.com\/en\/closet-design\/","og_locale":"en_US","og_type":"article","og_title":"Projekt garderoby na wymiar Szczecin","og_description":"Garderoba to niewielkie pomieszczenie, kt\u00f3re mo\u017ce znacz\u0105co wp\u0142yn\u0105\u0107 na Tw\u00f3j komfort. Pom\u00f3\u017c nam stworzy\u0107 ergonomiczn\u0105 przestrze\u0144 dla Twoich rzeczy.","og_url":"https:\/\/expertmeble.com\/en\/closet-design\/","og_site_name":"Expert Meble - Meble Na Wymiar Szczecin: Kuchnie, \u0141azienki, Szafy","article_publisher":"https:\/\/www.facebook.com\/expertmeble24\/","article_modified_time":"2026-03-24T20:59:25+00:00","og_image":[{"width":900,"height":598,"url":"https:\/\/expertmeble.com\/wp-content\/uploads\/2022\/12\/projekt-garderoby-na-wymiar.jpg","type":"image\/jpeg"}],"twitter_card":"summary_large_image","twitter_misc":{"Est. reading time":"3 minutes"},"schema":{"@context":"https:\/\/schema.org","@graph":[{"@type":"WebPage","@id":"https:\/\/expertmeble.com\/projekt-garderoby\/","url":"https:\/\/expertmeble.com\/projekt-garderoby\/","name":"Projekt garderoby na wymiar | projektowanie garderoby na zam\u00f3wienie | expertmeble.com","isPartOf":{"@id":"https:\/\/expertmeble.com\/#website"},"primaryImageOfPage":{"@id":"https:\/\/expertmeble.com\/projekt-garderoby\/#primaryimage"},"image":{"@id":"https:\/\/expertmeble.com\/projekt-garderoby\/#primaryimage"},"thumbnailUrl":"https:\/\/expertmeble.com\/wp-content\/uploads\/2022\/12\/projekt-garderoby-na-wymiar.jpg","datePublished":"2022-12-28T09:51:04+00:00","dateModified":"2026-03-24T20:59:25+00:00","description":"Garderoba to niewielkie pomieszczenie, kt\u00f3re mo\u017ce znacz\u0105co wp\u0142yn\u0105\u0107 na Tw\u00f3j komfort. Pom\u00f3\u017c nam stworzy\u0107 ergonomiczn\u0105 przestrze\u0144 dla Twoich rzeczy.","breadcrumb":{"@id":"https:\/\/expertmeble.com\/projekt-garderoby\/#breadcrumb"},"inLanguage":"en-US","potentialAction":[{"@type":"ReadAction","target":["https:\/\/expertmeble.com\/projekt-garderoby\/"]}]},{"@type":"ImageObject","inLanguage":"en-US","@id":"https:\/\/expertmeble.com\/projekt-garderoby\/#primaryimage","url":"https:\/\/expertmeble.com\/wp-content\/uploads\/2022\/12\/projekt-garderoby-na-wymiar.jpg","contentUrl":"https:\/\/expertmeble.com\/wp-content\/uploads\/2022\/12\/projekt-garderoby-na-wymiar.jpg","width":900,"height":598,"caption":"projektowanie garderoby na wymiar"},{"@type":"BreadcrumbList","@id":"https:\/\/expertmeble.com\/projekt-garderoby\/#breadcrumb","itemListElement":[{"@type":"ListItem","position":1,"name":"Strona g\u0142\u00f3wna","item":"https:\/\/expertmeble.com\/"},{"@type":"ListItem","position":2,"name":"Projekt garderoby na wymiar Szczecin"}]},{"@type":"WebSite","@id":"https:\/\/expertmeble.com\/#website","url":"https:\/\/expertmeble.com\/","name":"Expert Meble - Meble Na Wymiar Szczecin: Kuchnie, \u0141azienki, Szafy","description":"Meble, kuchnie, szafy, \u0142azienki oraz zabudowy na wymiar.","potentialAction":[{"@type":"SearchAction","target":{"@type":"EntryPoint","urlTemplate":"https:\/\/expertmeble.com\/?s={search_term_string}"},"query-input":{"@type":"PropertyValueSpecification","valueRequired":true,"valueName":"search_term_string"}}],"inLanguage":"en-US"}]}},"_links":{"self":[{"href":"https:\/\/expertmeble.com\/en\/wp-json\/wp\/v2\/pages\/2308","targetHints":{"allow":["GET"]}}],"collection":[{"href":"https:\/\/expertmeble.com\/en\/wp-json\/wp\/v2\/pages"}],"about":[{"href":"https:\/\/expertmeble.com\/en\/wp-json\/wp\/v2\/types\/page"}],"author":[{"embeddable":true,"href":"https:\/\/expertmeble.com\/en\/wp-json\/wp\/v2\/users\/1"}],"replies":[{"embeddable":true,"href":"https:\/\/expertmeble.com\/en\/wp-json\/wp\/v2\/comments?post=2308"}],"version-history":[{"count":6,"href":"https:\/\/expertmeble.com\/en\/wp-json\/wp\/v2\/pages\/2308\/revisions"}],"predecessor-version":[{"id":5311,"href":"https:\/\/expertmeble.com\/en\/wp-json\/wp\/v2\/pages\/2308\/revisions\/5311"}],"wp:featuredmedia":[{"embeddable":true,"href":"https:\/\/expertmeble.com\/en\/wp-json\/wp\/v2\/media\/2309"}],"wp:attachment":[{"href":"https:\/\/expertmeble.com\/en\/wp-json\/wp\/v2\/media?parent=2308"}],"curies":[{"name":"wp","href":"https:\/\/api.w.org\/{rel}","templated":true}]}}